{"id":2661,"date":"2022-11-10T10:51:44","date_gmt":"2022-11-10T09:51:44","guid":{"rendered":"https:\/\/the-shuttle.at\/allgemeine-geschaeftsbedingungen-autoservice\/"},"modified":"2023-02-06T15:25:32","modified_gmt":"2023-02-06T14:25:32","slug":"general-terms-and-conditions-car-rental","status":"publish","type":"page","link":"https:\/\/the-shuttle.at\/en\/general-terms-and-conditions-car-rental\/","title":{"rendered":"General terms and conditions car rental"},"content":{"rendered":"<p>[et_pb_section fb_built=&#8221;1&#8243; _builder_version=&#8221;4.17.4&#8243; _module_preset=&#8221;default&#8221; global_colors_info=&#8221;{}&#8221;][et_pb_row _builder_version=&#8221;4.17.4&#8243; _module_preset=&#8221;default&#8221; global_colors_info=&#8221;{}&#8221;][et_pb_column type=&#8221;4_4&#8243; _builder_version=&#8221;4.17.4&#8243; _module_preset=&#8221;default&#8221; global_colors_info=&#8221;{}&#8221;][et_pb_text _builder_version=&#8221;4.17.4&#8243; _module_preset=&#8221;default&#8221; global_colors_info=&#8221;{}&#8221;]<\/p>\n<p>Allgemeine Mietbedingungen<br \/>\u00dcbernahme und Gesch\u00e4ftsbedingungen<\/p>\n<p>Allgemeine Mietbedingungen<\/p>\n<p>Altersbestimmungen<br \/>Das Mindestalter betr\u00e4gt je nach Fahrzeugklasse 19 &#8211; 25 Jahre. Bei Fahrern unter 25 Jahren kann eine Zusatzgeb\u00fchr in H\u00f6he von \u20ac 4,80 (Fahrzeuggruppe A \u2013 E) bzw. \u20ac 9,60 (Fahrzeuggruppe F \u2013 L) pro Tag berechnet werden.<\/p>\n<p>Anmietung au\u00dferhalb der \u00d6ffnungszeiten<br \/>F\u00fcr alle Anmietungen au\u00dferhalb der \u00d6ffnungszeiten, an Sonn- und Feiertagen sowie zwischen 06.00h &#8211; 08.00h und 18.00h &#8211; 20.00h werden \u20ac 48,00 berechnet. F\u00fcr alle Anmietungen zwischen 20.00h &#8211; 06.00h \u20ac 72,00.<\/p>\n<p>Auslandsfahrten<br \/>Sind nur mit schriftlicher Genehmigung des Vermieters erlaubt. Der Mieter muss bei Fahrzeug\u00fcbernahme Fahrten ins Ausland bekannt geben. Sollte dies nicht geschehen, ist er bei Sch\u00e4den oder Verlusten des Mietfahrzeuges oder Teilen davon, f\u00fcr den vollen Fahrzeugwert haftbar. Bei genehmigten Fahrten nach Osteuropa (z.B. Kroatien, Slowenien, Slowakei, Tschechien) wird ein Sicherheitszuschlag von mind. \u20ac 12,00 pro Tag in Rechnung gestellt.<br \/>F\u00fcr die Einreise in L\u00e4nder der GUS-Staaten (ehemalige USSR), sowie nach Albanien, Bosnien, Bulgarien, Polen, Serbien, usw. kontaktieren Sie bitte unser Servicecenter.<\/p>\n<p>Buchung \/ Stornierung<br \/>Die Fahrzeugbuchung und Stornierung erfolgt ausschlie\u00dflich schriftlich \u00fcber Fax oder Email. Als best\u00e4tigt gilt die Buchung eines Mietfahrzeuges, wenn Sie innerhalb von 3 Werkstagen eine Reservierungsbest\u00e4tigung per E-mail oder Fax erhalten.Bei der Stornierung einer Fahrzeugbuchung bis 6 Tage vor Vertragsbeginn ist diese kostenlos. Ab 5 Tagen wird eine Geb\u00fchr in H\u00f6he von EUR 30,00, ab 2 Tagen EUR 60,00 berechnet. Bei Nichtabnahme oder Abholung werden 90% des Mietpreises in Rechnung gestellt.<\/p>\n<p>Einwegmieten<br \/>F\u00fcr n\u00e4here Informationen wenden Sie sich bitte an unser Servicecenter.<\/p>\n<p>Fahrzeugpapiere \/ Fahrzeugschl\u00fcssel<br \/>Der Kunde ist f\u00fcr die \u00fcbergebenen Fahrzeugpapiere verantwortlich. Bei Verlust haftet er f\u00fcr diese. F\u00fcr eine Neuausstellung des Zulassungsscheines berechnen wir einen Betrag von \u20ac 180,00. Bei Verlust des Fahrzeugschl\u00fcssels m\u00fcssen alle Fahrzeugschl\u00f6sser zu Kosten des Fahrzeuglenkers ausgetauscht werden.<\/p>\n<p>Fahrzeuggruppen<br \/>Es besteht kein Anspruch auf bestimmte Fahrzeugtypen, lediglich auf die reservierte Fahrzeuggruppe. Sollte diese nicht verf\u00fcgbar sein, erhalten Sie eine kostenlose Aufwertung auf eine h\u00f6herwertige Fahrzeugklasse.<\/p>\n<p>Fahrzeug\u00fcbernahme<br \/>Das Fahrzeug wird vom Vermieter gewaschen, gereinigt und voll getankt ausgeh\u00e4ndigt. Im gleichem Zustand ist dieses nach Vertragsende vom Mieter zur\u00fcck zugeben. Sollte dies nicht zutreffen, wird dies dem Kunden laut Tarifliste extra in Rechnung gestellt. M\u00e4ngel am\/ im Fahrzeug werden im Fahrzeugprotokoll festgehalten.<\/p>\n<p>Flughafen \/ Bahnhofsgeb\u00fchr<br \/>Bei Anmietung an Flugh\u00e4fen und Bahnh\u00f6fen wird eine Servicegeb\u00fchr von 15% auf die Mietraten verrechnet.<\/p>\n<p>F\u00fchrerschein<br \/>Der Fahrer muss je nach Fahrzeugklasse seit mindestens 1 ( 3 ) Jahr(en) im Besitz eines in \u00d6sterreich g\u00fcltigen F\u00fchrerscheins befinden.<\/p>\n<p>Haftung des Mieters<br \/>Bei Sch\u00e4den oder bei Verlust des Mietfahrzeuges, oder Teilen davon, auch bei Feuer, Glasbruch, Naturgewalten ( Hagel usw. ) oder Diebstahl, haftet der Mieter gegen\u00fcber dem Vermieter grunds\u00e4tzlich \u2013 verschuldungsunabh\u00e4ngig \u2013 bis zum vollen Fahrzeugwert.<\/p>\n<p>Haftungsbeschr\u00e4nkung<br \/>Die Haftung des Mieters kann durch Abschluss einer Zusatzversicherung CDW + TDW (Haftungsreduktion bei Sch\u00e4den, bzw. Diebstahl) reduziert werden. Den jeweiligen Selbstbehalt pro Schadensfall entnehmen Sie der aktuellen Tarifliste. TDW gilt nur, wenn Fahrzeugpapiere und Schl\u00fcssel retourniert werden \u2013 ansonsten voller Fahrzeugwert. Keine Haftungsbeschr\u00e4nkungen bei nicht bewilligten Fahrten ins Ausland, bei Vorsatz oder grober Fahrl\u00e4ssigkeit sowie Fahrten unter Einwirkungen von Alkohol und Drogen. Der Mieter haftet in jedem Fall in voller H\u00f6he f\u00fcr Besch\u00e4digungen im Inneren des Fahrzeuges bzw. f\u00fcr Besch\u00e4digungen durch die Ladung und f\u00fcr die Reifen und Felgen sowie f\u00fcr den Fahrzeugunterboden. Das Gep\u00e4ck ist nicht versichert.<\/p>\n<p>Kaution<br \/>Der Fahrzeugmieter sollte im Besitz einer g\u00fcltigen und von unserem Unternehmen anerkannten Kreditkarte sein. Ist der Mieter nicht im Besitz einer solchen, so hat er die M\u00f6glichkeit eine Kaution (Mietpreis &amp; Selbstbehalt &amp; 1 Tankf\u00fcllung) in bar zu hinterlegen. Diese Fahrzeugkaution wird bei der Fahrzeugr\u00fcckgabe r\u00fcckerstattet, sollte es nicht zu Besch\u00e4digungen oder Verlusten am Mietobjekt gekommen sein.<\/p>\n<p>Mietpreis<br \/>Der Mietpreis ist abh\u00e4ngig von dem Mietzeitraum und der Fahrstrecke. 1 Miettag = 24 Stunden. Der Tagesmietpreis gilt f\u00fcr 24 Stunden ab Fahrzeug\u00fcbernahme, bei einer Zeit\u00fcberschreitung um mehr als 59 Minuten wird ein weiterer Tag berechnet.<br \/>Die kosten f\u00fcr \u00d6l, Wartung und Haftpflichtversicherung ( zumindest in der H\u00f6he der gesetzlich festgelegten Deckungssumme ) sind im Mietpreis enthalten.<br \/>Treibstoff- und Reinigungskosten gehen zu Lasten des Mieters.<\/p>\n<p>Preise<br \/>Alle Preise sind in EURO inkl. 20% Mehrwertsteuer, exkl. 1% Vertragsgeb\u00fchr.<\/p>\n<p>Rauchen<br \/>Unsere Mietwagen sind Nichtraucherfahrzeuge. Bei Missachtung wird eine komplette Fahrzeuginnenreinigung in H\u00f6he von \u20ac 84,00 durchgef\u00fchrt und dem Mieter in Rechnung gestellt.<\/p>\n<p>Sonderausstattungen<br \/>Navigationssystem, Kindersitze, Schneeketten oder Skitr\u00e4ger bei rechtzeitiger Reservierung. Bei der \u00dcbernahme von Sonderausstattungen, wird eine Kaution eingehoben. Bei Verlust oder Besch\u00e4digung von Sonderausstattungen wird dies in Rechnung gestellt.<\/p>\n<p>Treibstoff \u2013 Betankungsservice<br \/>Jedes Fahrzeug wird dem Kunden voll getankt \u00fcbergeben. Bei R\u00fcckstellung des Fahrzeuges mit fehlendem Treibstoff, wird eine Tankgeb\u00fchr von \u20ac 12,00 zuz\u00fcglich der Kosten der fehlenden Treibstoffmenge in Rechnung gestellt.<\/p>\n<p>Verkehrsabgabe und Mietvertragsgeb\u00fchr<br \/>Es wird eine Stra\u00dfenn\u00fctzungsgeb\u00fchr von \u20ac 4,20 pro Tag, max. \u20ac 63,00 pro Anmietung eingehoben. Diese beinhaltet die \u00f6sterreichische Autobahnvignette.<br \/>Ab einer H\u00f6he von \u20ac 150,00 des Gesamtrechnungsbetrages, f\u00e4llt eine gesetzliche Mietvertragssteuer in H\u00f6he von 1% auf den Bruttobetrag an.<\/p>\n<p>Verkehrs\u00fcbertretungen und Strafmandate<br \/>F\u00fcr die Erledigung von Strafmandaten, Verkehrs\u00fcbertretungen und Lenkererhebungen, welche von uns bearbeitet werden, wird eine Bearbeitungsgeb\u00fchr in H\u00f6he von \u20ac 15,00 in Rechnung gestellt.<\/p>\n<p>Winterreifengeb\u00fchr<br \/>Zwischen 15. Oktober und 15. April, wird eine Winterreifengeb\u00fchr in H\u00f6he von \u20ac 3,60 pro Tag berechnet.<\/p>\n<p>Zahlungsbedingungen<br \/>Der Mietpreis kann mit einer von der Mietwagenfirma anerkannten g\u00fcltigen Kreditkarte oder in bar vor Ort bezahlt werden. Bei der Anmietung wird die Kreditkarte mit einem Deposit in H\u00f6he der Mietrate zuz\u00fcglich des max. Selbstbehaltes blockiert.<\/p>\n<p>Zusatzfahrer<br \/>F\u00fcr jeden im Mietvertrag eingetragenen zus\u00e4tzlichen Fahrer, wird eine Geb\u00fchr von \u20ac 4,80 berechnet.<\/p>\n<p>Zustellung \/ Abholung<br \/>F\u00fcr die Zustellung und Abholung eines Fahrzeuges innerhalb der \u00d6ffnungszeiten sowie der Stadtgrenzen wird eine Geb\u00fchr von \u20ac 18,00 berechnet. Au\u00dferhalb der \u00d6ffnungszeiten und Stadtgrenzen, wird eine Geb\u00fchr in H\u00f6he von \u20ac 48,00 zuz\u00fcglich \u20ac 0,60 pro Kilometer berechnet.<\/p>\n<p>Versicherungen<\/p>\n<p>Diebstahlversicherung TDW<br \/>Durch Abschluss einer Diebstahlversicherung kann bei Verlust des Fahrzeuges die Haftung auf eine Selbstbeteiligung laut Tarifliste reduziert werden. Lehnt der Mieter eine Diebstahlversicherung ab, ist er f\u00fcr den Verlust des Mietfahrzeuges verantwortlich und haftet bis zur vollen H\u00f6he des Fahrzeugwertes.<\/p>\n<p>Personen-Insassenversicherung PAI<br \/>Gegen eine Geb\u00fchr von \u20ac 6,00 pro Tag kann eine zus\u00e4tzliche Insassenunfallversicherung abgeschlossen werden.<br \/>Die Deckungssumme betr\u00e4gt:<\/p>\n<p>\u20ac 30.000,00 bei Tod<br \/>\u20ac 70.000,00 bei Invalidit\u00e4t<br \/>\u20ac 30,00 max. \u20ac 900,00 pro Insasse, pro Tag Spitalsgeld , wenn der Verletzte durch einen Gurt gesichert war.<\/p>\n<p>Vollkaskoversicherung CDW ( inkl. Diebstahlversicherung )<br \/>Durch Abschluss einer Vollkaskoversicherung ( inkl. Diebstahlversicherung ) kann bei Besch\u00e4digung oder Verlust des Fahrzeuges die Haftung auf eine bestimmte Selbstbeteiligung reduziert werden. Lehnt der Mieter dies ab, ist er f\u00fcr alle Sch\u00e4den am Mietfahrzeug verantwortlich und haftet bis zur vollen H\u00f6he des Fahrzeugwertes. Schlie\u00dft der Mieter eine Vollkaskoversicherung ab, haftet er lediglich mit einem Selbstbehalt.<\/p>\n<p>Stand 20.03.2009<\/p>\n<p>[\/et_pb_text][\/et_pb_column][\/et_pb_row][\/et_pb_section]<\/p>\n","protected":false},"excerpt":{"rendered":"<p>Allgemeine Mietbedingungen\u00dcbernahme und Gesch\u00e4ftsbedingungen Allgemeine Mietbedingungen AltersbestimmungenDas Mindestalter betr\u00e4gt je nach Fahrzeugklasse 19 &#8211; 25 Jahre. Bei Fahrern unter 25 Jahren kann eine Zusatzgeb\u00fchr in H\u00f6he von \u20ac 4,80 (Fahrzeuggruppe A \u2013 E) bzw. \u20ac 9,60 (Fahrzeuggruppe F \u2013 L) pro Tag berechnet werden. Anmietung au\u00dferhalb der \u00d6ffnungszeitenF\u00fcr alle Anmietungen au\u00dferhalb der \u00d6ffnungszeiten, an Sonn- [&hellip;]<\/p>\n","protected":false},"author":1,"featured_media":0,"parent":0,"menu_order":0,"comment_status":"closed","ping_status":"closed","template":"","meta":{"_et_pb_use_builder":"on","_et_pb_old_content":"","_et_gb_content_width":"","footnotes":""},"class_list":["post-2661","page","type-page","status-publish","hentry"],"yoast_head":"<!-- This site is optimized with the Yoast SEO plugin v23.5 - https:\/\/yoast.com\/wordpress\/plugins\/seo\/ -->\n<title>General terms and conditions car rental - The Shuttle<\/title>\n<meta name=\"robots\" content=\"index, follow, max-snippet:-1, max-image-preview:large, max-video-preview:-1\" \/>\n<link rel=\"canonical\" href=\"https:\/\/the-shuttle.at\/en\/general-terms-and-conditions-car-rental\/\" \/>\n<meta property=\"og:locale\" content=\"en_US\" \/>\n<meta property=\"og:type\" content=\"article\" \/>\n<meta property=\"og:title\" content=\"General terms and conditions car rental - The Shuttle\" \/>\n<meta property=\"og:description\" content=\"Allgemeine Mietbedingungen\u00dcbernahme und Gesch\u00e4ftsbedingungen Allgemeine Mietbedingungen AltersbestimmungenDas Mindestalter betr\u00e4gt je nach Fahrzeugklasse 19 - 25 Jahre. Bei Fahrern unter 25 Jahren kann eine Zusatzgeb\u00fchr in H\u00f6he von \u20ac 4,80 (Fahrzeuggruppe A \u2013 E) bzw. \u20ac 9,60 (Fahrzeuggruppe F \u2013 L) pro Tag berechnet werden. Anmietung au\u00dferhalb der \u00d6ffnungszeitenF\u00fcr alle Anmietungen au\u00dferhalb der \u00d6ffnungszeiten, an Sonn- [&hellip;]\" \/>\n<meta property=\"og:url\" content=\"https:\/\/the-shuttle.at\/en\/general-terms-and-conditions-car-rental\/\" \/>\n<meta property=\"og:site_name\" content=\"The Shuttle\" \/>\n<meta property=\"article:modified_time\" content=\"2023-02-06T14:25:32+00:00\" \/>\n<meta name=\"twitter:card\" content=\"summary_large_image\" \/>\n<meta name=\"twitter:label1\" content=\"Est. reading time\" \/>\n\t<meta name=\"twitter:data1\" content=\"6 minutes\" \/>\n<script type=\"application\/ld+json\" class=\"yoast-schema-graph\">{\"@context\":\"https:\/\/schema.org\",\"@graph\":[{\"@type\":\"WebPage\",\"@id\":\"https:\/\/the-shuttle.at\/en\/general-terms-and-conditions-car-rental\/\",\"url\":\"https:\/\/the-shuttle.at\/en\/general-terms-and-conditions-car-rental\/\",\"name\":\"General terms and conditions car rental - The Shuttle\",\"isPartOf\":{\"@id\":\"https:\/\/the-shuttle.at\/en\/#website\"},\"datePublished\":\"2022-11-10T09:51:44+00:00\",\"dateModified\":\"2023-02-06T14:25:32+00:00\",\"breadcrumb\":{\"@id\":\"https:\/\/the-shuttle.at\/en\/general-terms-and-conditions-car-rental\/#breadcrumb\"},\"inLanguage\":\"en-US\",\"potentialAction\":[{\"@type\":\"ReadAction\",\"target\":[\"https:\/\/the-shuttle.at\/en\/general-terms-and-conditions-car-rental\/\"]}]},{\"@type\":\"BreadcrumbList\",\"@id\":\"https:\/\/the-shuttle.at\/en\/general-terms-and-conditions-car-rental\/#breadcrumb\",\"itemListElement\":[{\"@type\":\"ListItem\",\"position\":1,\"name\":\"Startseite\",\"item\":\"https:\/\/the-shuttle.at\/en\/homepage\/\"},{\"@type\":\"ListItem\",\"position\":2,\"name\":\"General terms and conditions car rental\"}]},{\"@type\":\"WebSite\",\"@id\":\"https:\/\/the-shuttle.at\/en\/#website\",\"url\":\"https:\/\/the-shuttle.at\/en\/\",\"name\":\"The Shuttle\",\"description\":\"Premium Shuttle Service und Autovermietung\",\"potentialAction\":[{\"@type\":\"SearchAction\",\"target\":{\"@type\":\"EntryPoint\",\"urlTemplate\":\"https:\/\/the-shuttle.at\/en\/?s={search_term_string}\"},\"query-input\":{\"@type\":\"PropertyValueSpecification\",\"valueRequired\":true,\"valueName\":\"search_term_string\"}}],\"inLanguage\":\"en-US\"}]}<\/script>\n<!-- \/ Yoast SEO plugin. -->","yoast_head_json":{"title":"General terms and conditions car rental - The Shuttle","robots":{"index":"index","follow":"follow","max-snippet":"max-snippet:-1","max-image-preview":"max-image-preview:large","max-video-preview":"max-video-preview:-1"},"canonical":"https:\/\/the-shuttle.at\/en\/general-terms-and-conditions-car-rental\/","og_locale":"en_US","og_type":"article","og_title":"General terms and conditions car rental - The Shuttle","og_description":"Allgemeine Mietbedingungen\u00dcbernahme und Gesch\u00e4ftsbedingungen Allgemeine Mietbedingungen AltersbestimmungenDas Mindestalter betr\u00e4gt je nach Fahrzeugklasse 19 - 25 Jahre. Bei Fahrern unter 25 Jahren kann eine Zusatzgeb\u00fchr in H\u00f6he von \u20ac 4,80 (Fahrzeuggruppe A \u2013 E) bzw. \u20ac 9,60 (Fahrzeuggruppe F \u2013 L) pro Tag berechnet werden. Anmietung au\u00dferhalb der \u00d6ffnungszeitenF\u00fcr alle Anmietungen au\u00dferhalb der \u00d6ffnungszeiten, an Sonn- [&hellip;]","og_url":"https:\/\/the-shuttle.at\/en\/general-terms-and-conditions-car-rental\/","og_site_name":"The Shuttle","article_modified_time":"2023-02-06T14:25:32+00:00","twitter_card":"summary_large_image","twitter_misc":{"Est. reading time":"6 minutes"},"schema":{"@context":"https:\/\/schema.org","@graph":[{"@type":"WebPage","@id":"https:\/\/the-shuttle.at\/en\/general-terms-and-conditions-car-rental\/","url":"https:\/\/the-shuttle.at\/en\/general-terms-and-conditions-car-rental\/","name":"General terms and conditions car rental - The Shuttle","isPartOf":{"@id":"https:\/\/the-shuttle.at\/en\/#website"},"datePublished":"2022-11-10T09:51:44+00:00","dateModified":"2023-02-06T14:25:32+00:00","breadcrumb":{"@id":"https:\/\/the-shuttle.at\/en\/general-terms-and-conditions-car-rental\/#breadcrumb"},"inLanguage":"en-US","potentialAction":[{"@type":"ReadAction","target":["https:\/\/the-shuttle.at\/en\/general-terms-and-conditions-car-rental\/"]}]},{"@type":"BreadcrumbList","@id":"https:\/\/the-shuttle.at\/en\/general-terms-and-conditions-car-rental\/#breadcrumb","itemListElement":[{"@type":"ListItem","position":1,"name":"Startseite","item":"https:\/\/the-shuttle.at\/en\/homepage\/"},{"@type":"ListItem","position":2,"name":"General terms and conditions car rental"}]},{"@type":"WebSite","@id":"https:\/\/the-shuttle.at\/en\/#website","url":"https:\/\/the-shuttle.at\/en\/","name":"The Shuttle","description":"Premium Shuttle Service und Autovermietung","potentialAction":[{"@type":"SearchAction","target":{"@type":"EntryPoint","urlTemplate":"https:\/\/the-shuttle.at\/en\/?s={search_term_string}"},"query-input":{"@type":"PropertyValueSpecification","valueRequired":true,"valueName":"search_term_string"}}],"inLanguage":"en-US"}]}},"_links":{"self":[{"href":"https:\/\/the-shuttle.at\/en\/wp-json\/wp\/v2\/pages\/2661"}],"collection":[{"href":"https:\/\/the-shuttle.at\/en\/wp-json\/wp\/v2\/pages"}],"about":[{"href":"https:\/\/the-shuttle.at\/en\/wp-json\/wp\/v2\/types\/page"}],"author":[{"embeddable":true,"href":"https:\/\/the-shuttle.at\/en\/wp-json\/wp\/v2\/users\/1"}],"replies":[{"embeddable":true,"href":"https:\/\/the-shuttle.at\/en\/wp-json\/wp\/v2\/comments?post=2661"}],"version-history":[{"count":3,"href":"https:\/\/the-shuttle.at\/en\/wp-json\/wp\/v2\/pages\/2661\/revisions"}],"predecessor-version":[{"id":2739,"href":"https:\/\/the-shuttle.at\/en\/wp-json\/wp\/v2\/pages\/2661\/revisions\/2739"}],"wp:attachment":[{"href":"https:\/\/the-shuttle.at\/en\/wp-json\/wp\/v2\/media?parent=2661"}],"curies":[{"name":"wp","href":"https:\/\/api.w.org\/{rel}","templated":true}]}}